{"id":19065,"date":"2020-09-25T16:45:57","date_gmt":"2020-09-25T14:45:57","guid":{"rendered":"https:\/\/ophtalmo-bw.be\/?page_id=19065"},"modified":"2025-03-11T15:46:47","modified_gmt":"2025-03-11T14:46:47","slug":"rendez-vous","status":"publish","type":"page","link":"https:\/\/ophtalmo-bw.be\/en\/rendez-vous\/","title":{"rendered":"Rendez-Vous"},"content":{"rendered":"<div class=\"wp-block-group has-background\" style=\"background-color:#04b6ba\"><div class=\"wp-block-group__inner-container is-layout-constrained wp-block-group-is-layout-constrained\">\n<div style=\"height:33px\" aria-hidden=\"true\" class=\"wp-block-spacer\"><\/div>\n\n\n\n<p class=\"has-text-align-center has-large-font-size\">Prendre rendez-vous avec Doctoranytime<\/p>\n\n\n\n<div style=\"height:33px\" aria-hidden=\"true\" class=\"wp-block-spacer\"><\/div>\n<\/div><\/div>\n\n\n\n<h2 class=\"wp-block-heading\"><strong>Prenez rendez-vous avec nos ophtalmologues<\/strong><\/h2>\n\n\n\n<p>Notre clinique vous propose des soins ophtalmologiques de qualit\u00e9 pour pr\u00e9server votre sant\u00e9 visuelle. Nos sp\u00e9cialistes vous accompagnent avec des consultations personnalis\u00e9es, des diagnostics pr\u00e9cis et des traitements adapt\u00e9s \u00e0 vos besoins.<\/p>\n\n\n\n<p>Vous pouvez facilement prendre rendez-vous en ligne avec l\u2019un de nos m\u00e9decins :<\/p>\n\n\n\n<h2 class=\"wp-block-heading\"><strong>\ud83d\udd39 <a href=\"https:\/\/www.doctoranytime.be\/d\/ophtalmologue\/anthony-sion\" target=\"_blank\" rel=\"noreferrer noopener\">Dr. Anthony Sion \u2013 Ophtalmologue<\/a><br>\ud83d\udd39 <a href=\"https:\/\/www.doctoranytime.be\/d\/ophtalmologue\/aymen-mahjoub\" target=\"_blank\" rel=\"noreferrer noopener\">Dr. Aymen Mahjoub \u2013 Ophtalmologue<\/a><\/strong><\/h2>\n\n\n\n<hr class=\"wp-block-separator has-alpha-channel-opacity\"\/>\n\n\n\n<h2 class=\"wp-block-heading\"><strong>Comment prendre rendez-vous ?<\/strong><\/h2>\n\n\n\n<h3 class=\"wp-block-heading\">\ud83d\udcc5 <strong>Ouverture des cr\u00e9neaux de rendez-vous<\/strong><\/h3>\n\n\n\n<p>Des plages de rendez-vous sont ouvertes <strong>CHAQUE MOIS<\/strong>, le <strong>1er JOUR OUVRABLE<\/strong> du mois.<br>La prise de rendez-vous est fortement recommand\u00e9e via <strong>ce site internet<\/strong>.<\/p>\n\n\n\n<p>\u26a0\ufe0f <strong>Attention<\/strong> : Votre mobile peut ne pas \u00eatre compatible pour la prise de rendez-vous. Dans ce cas, privil\u00e9giez un ordinateur.<\/p>\n\n\n\n<hr class=\"wp-block-separator has-alpha-channel-opacity\"\/>\n\n\n\n<h3 class=\"wp-block-heading\">\u2705 <strong>Premi\u00e8re prise de rendez-vous en ligne<\/strong><\/h3>\n\n\n\n<p>1\ufe0f\u20e3 <strong>Valider votre inscription<\/strong> par mail.<br>2\ufe0f\u20e3 <strong>Confirmer votre rendez-vous<\/strong>.<\/p>\n\n\n\n<p>\ud83d\udca1 Si vous prenez rendez-vous pour une autre personne, cliquez sur le <strong>petit +<\/strong> et renseignez ses informations.<\/p>\n\n\n\n<p>\ud83d\udea8 <strong>IMPORTANT<\/strong> \ud83d\udea8<br>De nombreux rendez-vous ne sont pas pris en compte car l\u2019inscription n\u2019est pas valid\u00e9e par mail. <strong>Ne l\u2019oubliez pas !<\/strong><br>(Dans ce mail, vous trouverez \u00e9galement votre identifiant et votre code).<\/p>\n\n\n\n<hr class=\"wp-block-separator has-alpha-channel-opacity\"\/>\n\n\n\n<h3 class=\"wp-block-heading\">\ud83d\udcdd <strong>Choisir son rendez-vous<\/strong><\/h3>\n\n\n\n<p>\ud83d\udd39 S\u00e9lectionnez le <strong>motif correct<\/strong> (respectez bien les motifs pour \u00e9viter toute annulation).<br>\ud83d\udd39 Choisissez <strong>une date disponible<\/strong>.<br>\ud83d\udd39 Indiquez si vous \u00eates <strong>un nouveau patient ou si vous avez d\u00e9j\u00e0 un compte<\/strong>.<br>\ud83d\udc8c <strong>Conservez bien le code re\u00e7u par mail<\/strong> lors de la premi\u00e8re prise de rendez-vous pour les prochaines r\u00e9servations.<\/p>\n\n\n\n<p>\u26a0\ufe0f <strong>Un rendez-vous = une personne<\/strong><br>Si vous prenez rendez-vous pour quelqu\u2019un d\u2019autre, cliquez sur l\u2019ic\u00f4ne <strong>bonhomme avec une croix<\/strong> et renseignez ses informations avant validation.<\/p>\n\n\n\n<p>\u2705 <strong>Puis, validez le rendez-vous<\/strong>.<\/p>\n\n\n\n<hr class=\"wp-block-separator has-alpha-channel-opacity\"\/>\n\n\n\n<h3 class=\"wp-block-heading\">\ud83d\udcde <strong>Prendre rendez-vous par t\u00e9l\u00e9phone<\/strong><\/h3>\n\n\n\n<p>Si vous ne pouvez pas r\u00e9server en ligne, vous pouvez aussi prendre rendez-vous <strong>par t\u00e9l\u00e9phone<\/strong> :<\/p>\n\n\n\n<p>\ud83d\udcde <strong>010 56 0002<\/strong><br>\ud83d\udd39 <strong>Tapez 1<\/strong> : Automate disponible <strong>24h\/24<\/strong> pour prendre rendez-vous (<strong>recommand\u00e9<\/strong>).<br>\ud83d\udd39 <strong>Tapez 2<\/strong> : Pour parler \u00e0 la secr\u00e9taire.<br>\ud83d\udd39 <strong>Tapez 3<\/strong> : Pour des informations sur les traitements laser ou le suivi post-op\u00e9ratoire.<\/p>\n\n\n\n<p>\ud83d\udcc6 <strong>L&#8217;agenda est ouvert pour 4 mois maximum<\/strong>. Le <strong>5\u1d49 mois<\/strong> est ouvert le <strong>1er jour de chaque mois<\/strong>.<\/p>\n\n\n\n<p>\u23f3 Si aucun rendez-vous n\u2019est disponible, cela signifie que toutes les plages sont compl\u00e8tes. <strong>R\u00e9essayez plus tard ou le 1er jour ouvrable du mois suivant.<\/strong><\/p>\n\n\n\n<hr class=\"wp-block-separator has-alpha-channel-opacity\"\/>\n\n\n\n<h3 class=\"wp-block-heading\">\ud83c\udfe5 <strong>Prise de rendez-vous au centre<\/strong><\/h3>\n\n\n\n<p>Nous vous recommandons d\u2019essayer de <strong>r\u00e9server en ligne<\/strong> ou <strong>par t\u00e9l\u00e9phone<\/strong> en priorit\u00e9.<\/p>\n\n\n\n<p>Si vous n\u2019y parvenez pas, vous pouvez aussi prendre rendez-vous sur <strong>Doctolib<\/strong>.<\/p>\n\n\n\n<p>\ud83d\udcc5 <strong>Horaires d\u2019ouverture<\/strong> :<br>\ud83d\udd58 <strong>Du lundi au vendredi \u2013 sur rendez-vous uniquement<\/strong>.<\/p>\n\n\n\n<p>\ud83d\udc68\u200d\u2695\ufe0f Toute notre \u00e9quipe m\u00e9dicale sera ravie de vous accueillir en consultation ou lors de votre intervention.<\/p>","protected":false},"excerpt":{"rendered":"<p>Prendre rendez-vous avec Doctoranytime Prenez rendez-vous avec nos ophtalmologues Notre clinique vous propose des soins ophtalmologiques de qualit\u00e9 pour pr\u00e9server votre sant\u00e9 visuelle. Nos sp\u00e9cialistes vous accompagnent avec des consultations personnalis\u00e9es, des diagnostics pr\u00e9cis et des traitements adapt\u00e9s \u00e0 vos<\/p>","protected":false},"author":8,"featured_media":0,"parent":0,"menu_order":0,"comment_status":"closed","ping_status":"closed","template":"","meta":{"footnotes":""},"class_list":["post-19065","page","type-page","status-publish","hentry"],"yoast_head":"<!-- This site is optimized with the Yoast SEO plugin v27.4 - https:\/\/yoast.com\/product\/yoast-seo-wordpress\/ -->\n<title>Rendez-Vous - Ophtalmo-BW.be<\/title>\n<meta name=\"robots\" content=\"index, follow, max-snippet:-1, max-image-preview:large, max-video-preview:-1\" \/>\n<link rel=\"canonical\" href=\"https:\/\/ophtalmo-bw.be\/en\/rendez-vous\/\" \/>\n<meta property=\"og:locale\" content=\"en_GB\" \/>\n<meta property=\"og:type\" content=\"article\" \/>\n<meta property=\"og:title\" content=\"Rendez-Vous - Ophtalmo-BW.be\" \/>\n<meta property=\"og:description\" content=\"Prendre rendez-vous avec Doctoranytime Prenez rendez-vous avec nos ophtalmologues Notre clinique vous propose des soins ophtalmologiques de qualit\u00e9 pour pr\u00e9server votre sant\u00e9 visuelle. Nos sp\u00e9cialistes vous accompagnent avec des consultations personnalis\u00e9es, des diagnostics pr\u00e9cis et des traitements adapt\u00e9s \u00e0 vos\" \/>\n<meta property=\"og:url\" content=\"https:\/\/ophtalmo-bw.be\/en\/rendez-vous\/\" \/>\n<meta property=\"og:site_name\" content=\"Ophtalmo-BW.be\" \/>\n<meta property=\"article:modified_time\" content=\"2025-03-11T14:46:47+00:00\" \/>\n<meta name=\"twitter:card\" content=\"summary_large_image\" \/>\n<meta name=\"twitter:label1\" content=\"Estimated reading time\" \/>\n\t<meta name=\"twitter:data1\" content=\"3 minutes\" \/>\n<script type=\"application\/ld+json\" class=\"yoast-schema-graph\">{\"@context\":\"https:\\\/\\\/schema.org\",\"@graph\":[{\"@type\":\"WebPage\",\"@id\":\"https:\\\/\\\/ophtalmo-bw.be\\\/rendez-vous\\\/\",\"url\":\"https:\\\/\\\/ophtalmo-bw.be\\\/rendez-vous\\\/\",\"name\":\"Rendez-Vous - Ophtalmo-BW.be\",\"isPartOf\":{\"@id\":\"https:\\\/\\\/ophtalmo-bw.be\\\/#website\"},\"datePublished\":\"2020-09-25T14:45:57+00:00\",\"dateModified\":\"2025-03-11T14:46:47+00:00\",\"breadcrumb\":{\"@id\":\"https:\\\/\\\/ophtalmo-bw.be\\\/rendez-vous\\\/#breadcrumb\"},\"inLanguage\":\"en-GB\",\"potentialAction\":[{\"@type\":\"ReadAction\",\"target\":[\"https:\\\/\\\/ophtalmo-bw.be\\\/rendez-vous\\\/\"]}]},{\"@type\":\"BreadcrumbList\",\"@id\":\"https:\\\/\\\/ophtalmo-bw.be\\\/rendez-vous\\\/#breadcrumb\",\"itemListElement\":[{\"@type\":\"ListItem\",\"position\":1,\"name\":\"Accueil\",\"item\":\"https:\\\/\\\/ophtalmo-bw.be\\\/\"},{\"@type\":\"ListItem\",\"position\":2,\"name\":\"Rendez-Vous\"}]},{\"@type\":\"WebSite\",\"@id\":\"https:\\\/\\\/ophtalmo-bw.be\\\/#website\",\"url\":\"https:\\\/\\\/ophtalmo-bw.be\\\/\",\"name\":\"Ophtalmo-BW.be\",\"description\":\"Centre Ophtalmologique 100% laser Brabant Wallon\",\"publisher\":{\"@id\":\"https:\\\/\\\/ophtalmo-bw.be\\\/#organization\"},\"potentialAction\":[{\"@type\":\"SearchAction\",\"target\":{\"@type\":\"EntryPoint\",\"urlTemplate\":\"https:\\\/\\\/ophtalmo-bw.be\\\/?s={search_term_string}\"},\"query-input\":{\"@type\":\"PropertyValueSpecification\",\"valueRequired\":true,\"valueName\":\"search_term_string\"}}],\"inLanguage\":\"en-GB\"},{\"@type\":\"Organization\",\"@id\":\"https:\\\/\\\/ophtalmo-bw.be\\\/#organization\",\"name\":\"Ophtalmo-BW.be\",\"url\":\"https:\\\/\\\/ophtalmo-bw.be\\\/\",\"logo\":{\"@type\":\"ImageObject\",\"inLanguage\":\"en-GB\",\"@id\":\"https:\\\/\\\/ophtalmo-bw.be\\\/#\\\/schema\\\/logo\\\/image\\\/\",\"url\":\"https:\\\/\\\/ophtalmo-bw.be\\\/wp-content\\\/uploads\\\/2020\\\/09\\\/logo-min.png\",\"contentUrl\":\"https:\\\/\\\/ophtalmo-bw.be\\\/wp-content\\\/uploads\\\/2020\\\/09\\\/logo-min.png\",\"width\":106,\"height\":62,\"caption\":\"Ophtalmo-BW.be\"},\"image\":{\"@id\":\"https:\\\/\\\/ophtalmo-bw.be\\\/#\\\/schema\\\/logo\\\/image\\\/\"}}]}<\/script>\n<!-- \/ Yoast SEO plugin. -->","yoast_head_json":{"title":"Rendez-Vous - Ophtalmo-BW.be","robots":{"index":"index","follow":"follow","max-snippet":"max-snippet:-1","max-image-preview":"max-image-preview:large","max-video-preview":"max-video-preview:-1"},"canonical":"https:\/\/ophtalmo-bw.be\/en\/rendez-vous\/","og_locale":"en_GB","og_type":"article","og_title":"Rendez-Vous - Ophtalmo-BW.be","og_description":"Prendre rendez-vous avec Doctoranytime Prenez rendez-vous avec nos ophtalmologues Notre clinique vous propose des soins ophtalmologiques de qualit\u00e9 pour pr\u00e9server votre sant\u00e9 visuelle. Nos sp\u00e9cialistes vous accompagnent avec des consultations personnalis\u00e9es, des diagnostics pr\u00e9cis et des traitements adapt\u00e9s \u00e0 vos","og_url":"https:\/\/ophtalmo-bw.be\/en\/rendez-vous\/","og_site_name":"Ophtalmo-BW.be","article_modified_time":"2025-03-11T14:46:47+00:00","twitter_card":"summary_large_image","twitter_misc":{"Estimated reading time":"3 minutes"},"schema":{"@context":"https:\/\/schema.org","@graph":[{"@type":"WebPage","@id":"https:\/\/ophtalmo-bw.be\/rendez-vous\/","url":"https:\/\/ophtalmo-bw.be\/rendez-vous\/","name":"Rendez-Vous - Ophtalmo-BW.be","isPartOf":{"@id":"https:\/\/ophtalmo-bw.be\/#website"},"datePublished":"2020-09-25T14:45:57+00:00","dateModified":"2025-03-11T14:46:47+00:00","breadcrumb":{"@id":"https:\/\/ophtalmo-bw.be\/rendez-vous\/#breadcrumb"},"inLanguage":"en-GB","potentialAction":[{"@type":"ReadAction","target":["https:\/\/ophtalmo-bw.be\/rendez-vous\/"]}]},{"@type":"BreadcrumbList","@id":"https:\/\/ophtalmo-bw.be\/rendez-vous\/#breadcrumb","itemListElement":[{"@type":"ListItem","position":1,"name":"Accueil","item":"https:\/\/ophtalmo-bw.be\/"},{"@type":"ListItem","position":2,"name":"Rendez-Vous"}]},{"@type":"WebSite","@id":"https:\/\/ophtalmo-bw.be\/#website","url":"https:\/\/ophtalmo-bw.be\/","name":"Ophtalmo-BW.be","description":"Centre Ophtalmologique 100% laser Brabant Wallon","publisher":{"@id":"https:\/\/ophtalmo-bw.be\/#organization"},"potentialAction":[{"@type":"SearchAction","target":{"@type":"EntryPoint","urlTemplate":"https:\/\/ophtalmo-bw.be\/?s={search_term_string}"},"query-input":{"@type":"PropertyValueSpecification","valueRequired":true,"valueName":"search_term_string"}}],"inLanguage":"en-GB"},{"@type":"Organization","@id":"https:\/\/ophtalmo-bw.be\/#organization","name":"Ophtalmo-BW.be","url":"https:\/\/ophtalmo-bw.be\/","logo":{"@type":"ImageObject","inLanguage":"en-GB","@id":"https:\/\/ophtalmo-bw.be\/#\/schema\/logo\/image\/","url":"https:\/\/ophtalmo-bw.be\/wp-content\/uploads\/2020\/09\/logo-min.png","contentUrl":"https:\/\/ophtalmo-bw.be\/wp-content\/uploads\/2020\/09\/logo-min.png","width":106,"height":62,"caption":"Ophtalmo-BW.be"},"image":{"@id":"https:\/\/ophtalmo-bw.be\/#\/schema\/logo\/image\/"}}]}},"jetpack_sharing_enabled":true,"jetpack_likes_enabled":false,"_links":{"self":[{"href":"https:\/\/ophtalmo-bw.be\/en\/wp-json\/wp\/v2\/pages\/19065","targetHints":{"allow":["GET"]}}],"collection":[{"href":"https:\/\/ophtalmo-bw.be\/en\/wp-json\/wp\/v2\/pages"}],"about":[{"href":"https:\/\/ophtalmo-bw.be\/en\/wp-json\/wp\/v2\/types\/page"}],"author":[{"embeddable":true,"href":"https:\/\/ophtalmo-bw.be\/en\/wp-json\/wp\/v2\/users\/8"}],"replies":[{"embeddable":true,"href":"https:\/\/ophtalmo-bw.be\/en\/wp-json\/wp\/v2\/comments?post=19065"}],"version-history":[{"count":17,"href":"https:\/\/ophtalmo-bw.be\/en\/wp-json\/wp\/v2\/pages\/19065\/revisions"}],"predecessor-version":[{"id":19537,"href":"https:\/\/ophtalmo-bw.be\/en\/wp-json\/wp\/v2\/pages\/19065\/revisions\/19537"}],"wp:attachment":[{"href":"https:\/\/ophtalmo-bw.be\/en\/wp-json\/wp\/v2\/media?parent=19065"}],"curies":[{"name":"wp","href":"https:\/\/api.w.org\/{rel}","templated":true}]}}